{"id":780,"date":"2025-01-20T21:11:26","date_gmt":"2025-01-20T20:11:26","guid":{"rendered":"https:\/\/www.residusviladecans.cat\/el-nuevo-modelo\/"},"modified":"2025-07-03T08:55:19","modified_gmt":"2025-07-03T06:55:19","slug":"el-nuevo-modelo","status":"publish","type":"page","link":"https:\/\/www.residusviladecans.cat\/es\/el-nuevo-modelo\/","title":{"rendered":"El nuevo modelo (ANTERIOR)"},"content":{"rendered":"<p>[et_pb_section fb_built=\u00bb1&#8243; _builder_version=\u00bb4.27.4&#8243; _module_preset=\u00bbdefault\u00bb global_colors_info=\u00bb{}\u00bb][et_pb_row column_structure=\u00bb1_2,1_2&#8243; _builder_version=\u00bb4.27.4&#8243; _module_preset=\u00bbdefault\u00bb custom_padding=\u00bb||0px|||\u00bb global_colors_info=\u00bb{}\u00bb][et_pb_column type=\u00bb1_2&#8243; _builder_version=\u00bb4.27.4&#8243; _module_preset=\u00bbdefault\u00bb global_colors_info=\u00bb{}\u00bb][et_pb_text _builder_version=\u00bb4.27.4&#8243; _module_preset=\u00bbdefault\u00bb global_colors_info=\u00bb{}\u00bb]<\/p>\n<h1>el nuevo modelo<br \/>de recogida<br \/>de residuos<\/h1>\n<p>[\/et_pb_text][\/et_pb_column][et_pb_column type=\u00bb1_2&#8243; _builder_version=\u00bb4.27.4&#8243; _module_preset=\u00bbdefault\u00bb global_colors_info=\u00bb{}\u00bb][et_pb_text _builder_version=\u00bb4.27.4&#8243; _module_preset=\u00bbdefault\u00bb custom_margin=\u00bb||50px||false|false\u00bb global_colors_info=\u00bb{}\u00bb]<\/p>\n<p>Con \u201cEl Efecto Viladecans\u201d evidenciamos que los peque\u00f1os cambios pueden provocar efectos a nivel global. Por eso, cambiaremos el modelo de recogida de residuos e implantaremos un nuevo sistema, adaptado a las caracter\u00edsticas y necesidades de cada barrio. En la ciudad habr\u00e1 tres modelos distintos: <\/p>\n<p>[\/et_pb_text][\/et_pb_column][\/et_pb_row][et_pb_row column_structure=\u00bb1_3,2_3&#8243; _builder_version=\u00bb4.27.4&#8243; _module_preset=\u00bbdefault\u00bb custom_margin=\u00bb||||false|false\u00bb custom_padding=\u00bb0px||125px||false|false\u00bb animation_direction=\u00bbtop\u00bb global_colors_info=\u00bb{}\u00bb][et_pb_column type=\u00bb1_3&#8243; _builder_version=\u00bb4.27.4&#8243; _module_preset=\u00bbdefault\u00bb global_colors_info=\u00bb{}\u00bb][et_pb_text _builder_version=\u00bb4.27.4&#8243; _module_preset=\u00bb73f86939-31a7-4559-822c-bbbaa5ea0e39&#8243; text_font_size=\u00bb18px\u00bb text_line_height=\u00bb1.3em\u00bb max_width=\u00bb300px\u00bb custom_margin=\u00bb-1px||||false|false\u00bb custom_margin_tablet=\u00bb0px||50px||false|false\u00bb custom_margin_phone=\u00bb0px||50px||false|false\u00bb custom_margin_last_edited=\u00bbon|desktop\u00bb text_font_size_last_edited=\u00bboff|desktop\u00bb custom_css_free_form=\u00bbselector p { text-wrap:balance; padding-bottom:5px; }\u00bb global_colors_info=\u00bb{}\u00bb]<\/p>\n<p>El nuevo sistema de recogida llegar\u00e1 a Viladecans de forma progresiva, en distintas fases. Se implantar\u00e1 en toda la ciudad, pero en algunos barrios se realizar\u00e1 antes y en otros, m\u00e1s tarde.<br \/>Os iremos informando a medida que llegue cada fase.  <\/p>\n<p>[\/et_pb_text][\/et_pb_column][et_pb_column type=\u00bb2_3&#8243; _builder_version=\u00bb4.27.4&#8243; _module_preset=\u00bbdefault\u00bb global_colors_info=\u00bb{}\u00bb][et_pb_cta title=\u00bb1&#8243; _builder_version=\u00bb4.27.4&#8243; _module_preset=\u00bb8db23b93-efb4-4266-b0de-87f83ad1d631&#8243; body_font_size=\u00bb20px\u00bb body_line_height=\u00bb1.2em\u00bb transform_scale_tablet=\u00bb\u00bb transform_scale_phone=\u00bb\u00bb transform_scale_last_edited=\u00bbon|desktop\u00bb transform_translate_tablet=\u00bb\u00bb transform_translate_phone=\u00bb\u00bb transform_translate_last_edited=\u00bbon|desktop\u00bb transform_rotate=\u00bb0deg|0deg|-5deg\u00bb transform_rotate_tablet=\u00bb0deg|0deg|0deg\u00bb transform_rotate_phone=\u00bb0deg|0deg|0deg\u00bb transform_rotate_last_edited=\u00bbon|desktop\u00bb transform_skew_tablet=\u00bb\u00bb transform_skew_phone=\u00bb\u00bb transform_skew_last_edited=\u00bbon|desktop\u00bb transform_origin_tablet=\u00bb\u00bb transform_origin_phone=\u00bb\u00bb transform_origin_last_edited=\u00bbon|desktop\u00bb transform_styles_last_edited=\u00bbon|desktop\u00bb positioning=\u00bbabsolute\u00bb horizontal_offset=\u00bb0%\u00bb z_index=\u00bb1&#8243; custom_margin=\u00bb||10px||false|false\u00bb custom_margin_tablet=\u00bb||50px||false|false\u00bb custom_margin_phone=\u00bb||50px||false|false\u00bb custom_margin_last_edited=\u00bbon|desktop\u00bb custom_padding=\u00bb0px|4%|25px|4%|false|true\u00bb animation_style=\u00bbfade\u00bb transform_styles_tablet=\u00bb\u00bb transform_styles_phone=\u00bb\u00bb positioning_tablet=\u00bbnone\u00bb positioning_phone=\u00bbnone\u00bb positioning_last_edited=\u00bbon|desktop\u00bb global_colors_info=\u00bb{}\u00bb transform_styles__hover_enabled=\u00bbon|desktop\u00bb transform_scale__hover_enabled=\u00bbon|desktop\u00bb transform_translate__hover_enabled=\u00bbon|desktop\u00bb transform_rotate__hover_enabled=\u00bbon|desktop\u00bb transform_skew__hover_enabled=\u00bbon|desktop\u00bb transform_origin__hover_enabled=\u00bbon|desktop\u00bb transform_rotate__hover=\u00bb0deg|0deg|0deg\u00bb z_index__hover_enabled=\u00bbon|desktop\u00bb z_index__hover=\u00bb10&#8243;]<\/p>\n<h3>EL PUERTA<br \/>A PUERTA<\/h3>\n<p>&nbsp;<\/p>\n<p>Es un modelo que retira los contenedores de la calle y consiste en sacar los residuos bien separados en cubos en el portal de casa siguiendo un calendario establecido.<\/p>\n<p>[\/et_pb_cta][et_pb_cta title=\u00bb2&#8243; _builder_version=\u00bb4.27.4&#8243; _module_preset=\u00bb8db23b93-efb4-4266-b0de-87f83ad1d631&#8243; header_font_size=\u00bb18px\u00bb body_font_size=\u00bb20px\u00bb body_line_height=\u00bb1.2em\u00bb background_color=\u00bb#FF00FF\u00bb transform_scale_tablet=\u00bb\u00bb transform_scale_phone=\u00bb\u00bb transform_scale_last_edited=\u00bbon|desktop\u00bb transform_translate_tablet=\u00bb\u00bb transform_translate_phone=\u00bb\u00bb transform_translate_last_edited=\u00bbon|desktop\u00bb transform_rotate=\u00bb0deg|0deg|-2deg\u00bb transform_rotate_tablet=\u00bb0deg|0deg|0deg\u00bb transform_rotate_phone=\u00bb0deg|0deg|0deg\u00bb transform_rotate_last_edited=\u00bbon|tablet\u00bb transform_skew_tablet=\u00bb\u00bb transform_skew_phone=\u00bb\u00bb transform_skew_last_edited=\u00bbon|desktop\u00bb transform_origin_tablet=\u00bb\u00bb transform_origin_phone=\u00bb\u00bb transform_origin_last_edited=\u00bbon|desktop\u00bb transform_styles_last_edited=\u00bbon|tablet\u00bb positioning=\u00bbabsolute\u00bb horizontal_offset=\u00bb35%\u00bb z_index=\u00bb2&#8243; custom_margin=\u00bb||10px||false|false\u00bb custom_margin_tablet=\u00bb||50px||false|false\u00bb custom_margin_phone=\u00bb||50px||false|false\u00bb custom_margin_last_edited=\u00bbon|desktop\u00bb custom_padding=\u00bb0px|4%|25px|4%|false|true\u00bb animation_style=\u00bbfade\u00bb animation_delay=\u00bb400ms\u00bb transform_styles_tablet=\u00bb\u00bb transform_styles_phone=\u00bb\u00bb positioning_tablet=\u00bbnone\u00bb positioning_phone=\u00bb\u00bb positioning_last_edited=\u00bbon|desktop\u00bb global_colors_info=\u00bb{}\u00bb transform_styles__hover_enabled=\u00bbon|desktop\u00bb transform_scale__hover_enabled=\u00bbon|desktop\u00bb transform_translate__hover_enabled=\u00bbon|desktop\u00bb transform_rotate__hover=\u00bb0deg|0deg|0deg\u00bb transform_rotate__hover_enabled=\u00bbon|desktop\u00bb transform_skew__hover_enabled=\u00bbon|desktop\u00bb transform_origin__hover_enabled=\u00bbon|desktop\u00bb z_index__hover=\u00bb10&#8243; z_index__hover_enabled=\u00bbon|hover\u00bb]<\/p>\n<h3>LOS CONTENEDORES INTELIGENTES<\/h3>\n<p>&nbsp;<\/p>\n<p>Algunas fracciones se mantendr\u00e1n con los contenedores abiertos como hasta ahora, y otras fracciones deber\u00e1n aportarse en contenedores inteligentes y ser\u00e1 necesaria una tarjeta para abrirlos.<\/p>\n<p>[\/et_pb_cta][et_pb_cta title=\u00bb3&#8243; _builder_version=\u00bb4.27.4&#8243; _module_preset=\u00bb8db23b93-efb4-4266-b0de-87f83ad1d631&#8243; header_font_size=\u00bb18px\u00bb body_font_size=\u00bb20px\u00bb body_line_height=\u00bb1.2em\u00bb background_color=\u00bb#FF9100&#8243; transform_scale_tablet=\u00bb\u00bb transform_scale_phone=\u00bb\u00bb transform_scale_last_edited=\u00bbon|desktop\u00bb transform_translate_tablet=\u00bb\u00bb transform_translate_phone=\u00bb\u00bb transform_translate_last_edited=\u00bbon|desktop\u00bb transform_rotate=\u00bb0deg|0deg|4deg\u00bb transform_rotate_tablet=\u00bb0deg|0deg|0deg\u00bb transform_rotate_phone=\u00bb0deg|0deg|0deg\u00bb transform_rotate_last_edited=\u00bbon|desktop\u00bb transform_skew_tablet=\u00bb\u00bb transform_skew_phone=\u00bb\u00bb transform_skew_last_edited=\u00bbon|desktop\u00bb transform_origin_tablet=\u00bb\u00bb transform_origin_phone=\u00bb\u00bb transform_origin_last_edited=\u00bbon|desktop\u00bb transform_styles_last_edited=\u00bbon|desktop\u00bb positioning=\u00bbabsolute\u00bb horizontal_offset=\u00bb70%\u00bb z_index=\u00bb3&#8243; custom_margin=\u00bb||10px||false|false\u00bb custom_margin_tablet=\u00bb||50px||false|false\u00bb custom_margin_phone=\u00bb||50px||false|false\u00bb custom_margin_last_edited=\u00bbon|desktop\u00bb custom_padding=\u00bb0px|4%|25px|4%|false|true\u00bb animation_style=\u00bbfade\u00bb animation_delay=\u00bb800ms\u00bb transform_styles_tablet=\u00bb\u00bb transform_styles_phone=\u00bb\u00bb positioning_tablet=\u00bbnone\u00bb positioning_phone=\u00bb\u00bb positioning_last_edited=\u00bbon|tablet\u00bb global_colors_info=\u00bb{}\u00bb transform_styles__hover_enabled=\u00bbon|desktop\u00bb transform_scale__hover_enabled=\u00bbon|desktop\u00bb transform_translate__hover_enabled=\u00bbon|desktop\u00bb transform_rotate__hover=\u00bb0deg|0deg|0deg\u00bb transform_rotate__hover_enabled=\u00bbon|desktop\u00bb transform_skew__hover_enabled=\u00bbon|desktop\u00bb transform_origin__hover_enabled=\u00bbon|desktop\u00bb z_index__hover=\u00bb10&#8243; z_index__hover_enabled=\u00bbon|hover\u00bb]<\/p>\n<h3>EL PUERTA<br \/>A PUERTA<br \/>COMUNITARIO<\/h3>\n<p>&nbsp;<\/p>\n<p>Es un sistema muy similar al puerta a puerta convencional, pero los residuos deber\u00e1n dejarse dentro de contenedores en una c\u00e1mara habilitada dentro del mismo edificio.<\/p>\n<p>[\/et_pb_cta][\/et_pb_column][\/et_pb_row][\/et_pb_section][et_pb_section fb_built=\u00bb1&#8243; _builder_version=\u00bb4.27.4&#8243; _module_preset=\u00bbdefault\u00bb background_color=\u00bb#000000&#8243; custom_margin=\u00bb-10%||||false|false\u00bb custom_padding=\u00bb2px|||||\u00bb top_divider_style=\u00bbslant\u00bb top_divider_color=\u00bb#FFFFFF\u00bb top_divider_height=\u00bb180px\u00bb top_divider_flip=\u00bbhorizontal\u00bb animation_style=\u00bbfade\u00bb animation_direction=\u00bbbottom\u00bb animation_delay=\u00bb1400ms\u00bb animation_speed_curve=\u00bbease-in\u00bb global_colors_info=\u00bb{}\u00bb][et_pb_row _builder_version=\u00bb4.27.4&#8243; _module_preset=\u00bbdefault\u00bb custom_margin=\u00bb15%|auto|0px|auto|false|false\u00bb custom_padding=\u00bb0px||0px||false|false\u00bb animation_style=\u00bbslide\u00bb animation_direction=\u00bbbottom\u00bb global_colors_info=\u00bb{}\u00bb][et_pb_column type=\u00bb4_4&#8243; _builder_version=\u00bb4.27.4&#8243; _module_preset=\u00bbdefault\u00bb global_colors_info=\u00bb{}\u00bb][et_pb_image src=\u00bbhttps:\/\/www.residusviladecans.cat\/wp-content\/uploads\/2025\/07\/Mapa-viladecans-zones-v2.jpg\u00bb title_text=\u00bbViladecans \u00e1reas de recogida\u00bb align=\u00bbcenter\u00bb _builder_version=\u00bb4.27.4&#8243; _module_preset=\u00bbdefault\u00bb transform_translate=\u00bb-12px|0px\u00bb custom_margin=\u00bb5%||||false|false\u00bb animation_style=\u00bbslide\u00bb animation_direction=\u00bbbottom\u00bb animation_duration=\u00bb1400ms\u00bb animation_speed_curve=\u00bbease\u00bb hover_transition_speed_curve=\u00bbease-in-out\u00bb hover_enabled=\u00bb0&#8243; global_colors_info=\u00bb{}\u00bb max_width=\u00bb1000px\u00bb show_in_lightbox=\u00bbon\u00bb border_radii=\u00bbon|25px|25px|25px|25px\u00bb sticky_enabled=\u00bb0&#8243;][\/et_pb_image][\/et_pb_column][\/et_pb_row][et_pb_row column_structure=\u00bb1_3,1_3,1_3&#8243; use_custom_gutter=\u00bbon\u00bb gutter_width=\u00bb1&#8243; make_equal=\u00bbon\u00bb _builder_version=\u00bb4.27.4&#8243; _module_preset=\u00bbdefault\u00bb width=\u00bb100%\u00bb custom_margin=\u00bb5%||0px||false|false\u00bb custom_padding=\u00bb0rem||||false|false\u00bb global_colors_info=\u00bb{}\u00bb][et_pb_column type=\u00bb1_3&#8243; _builder_version=\u00bb4.27.4&#8243; _module_preset=\u00bbdefault\u00bb global_colors_info=\u00bb{}\u00bb][et_pb_divider color=\u00bb#FFFFFF\u00bb _builder_version=\u00bb4.27.4&#8243; _module_preset=\u00bbdefault\u00bb z_index=\u00bb2&#8243; custom_margin=\u00bb||||false|false\u00bb global_colors_info=\u00bb{}\u00bb][\/et_pb_divider][et_pb_text module_class=\u00bbfont-titol\u00bb _builder_version=\u00bb4.27.4&#8243; _module_preset=\u00bbdefault\u00bb text_font=\u00bb|||on|||||\u00bb text_font_size=\u00bb26px\u00bb text_line_height=\u00bb1.1em\u00bb background_color=\u00bb#FFFFFF\u00bb z_index=\u00bb2&#8243; text_orientation=\u00bbcenter\u00bb width=\u00bb220px\u00bb max_width=\u00bb220px\u00bb module_alignment=\u00bbcenter\u00bb custom_margin=\u00bb-70px||25px||false|false\u00bb custom_padding=\u00bb15px|10px|15px|10px|true|true\u00bb animation_style=\u00bbslide\u00bb animation_direction=\u00bbleft\u00bb animation_duration=\u00bb400ms\u00bb animation_intensity_slide=\u00bb5%\u00bb animation_speed_curve=\u00bbease-out\u00bb border_radii=\u00bbon|15px|15px|15px|15px\u00bb global_colors_info=\u00bb{}\u00bb]<\/p>\n<p>A partir<br \/><span style=\"font-size: 150%;\">del 2025<\/span><\/p>\n<p>[\/et_pb_text][et_pb_text _builder_version=\u00bb4.27.4&#8243; _module_preset=\u00bbdefault\u00bb text_font_size=\u00bb20px\u00bb text_orientation=\u00bbcenter\u00bb background_layout=\u00bbdark\u00bb max_width=\u00bb350px\u00bb module_alignment=\u00bbcenter\u00bb custom_margin=\u00bb||30px||false|false\u00bb animation_style=\u00bbslide\u00bb animation_direction=\u00bbtop\u00bb animation_duration=\u00bb400ms\u00bb animation_delay=\u00bb200ms\u00bb animation_intensity_slide=\u00bb5%\u00bb animation_speed_curve=\u00bbease-out\u00bb custom_css_free_form=\u00bbselector { text-wrap:balance; }\u00bb global_colors_info=\u00bb{}\u00bb]<\/p>\n<p>En la fase inicial se implantar\u00e1n los modelos: puerta a puerta en los barrios con viviendas unifamiliares mayoritariamente (en los barrios de Alba-rosa, Mas Rat\u00e9s, Can Guardiola, Can Batllori y Can Palmer) y puerta a puerta comunitario en el Barrio de Levante.<\/p>\n<p>[\/et_pb_text][\/et_pb_column][et_pb_column type=\u00bb1_3&#8243; _builder_version=\u00bb4.27.4&#8243; _module_preset=\u00bbdefault\u00bb global_colors_info=\u00bb{}\u00bb][et_pb_divider color=\u00bb#FFFFFF\u00bb _builder_version=\u00bb4.27.4&#8243; _module_preset=\u00bbdefault\u00bb custom_margin=\u00bb||||false|false\u00bb global_colors_info=\u00bb{}\u00bb][\/et_pb_divider][et_pb_text module_class=\u00bbfont-titol\u00bb _builder_version=\u00bb4.27.4&#8243; _module_preset=\u00bbdefault\u00bb text_font=\u00bb|||on|||||\u00bb text_font_size=\u00bb26px\u00bb text_line_height=\u00bb1.1em\u00bb background_color=\u00bb#FFFFFF\u00bb z_index=\u00bb100&#8243; text_orientation=\u00bbcenter\u00bb width=\u00bb220px\u00bb max_width=\u00bb220px\u00bb module_alignment=\u00bbcenter\u00bb custom_margin=\u00bb-70px||25px||false|false\u00bb custom_padding=\u00bb15px|10px|15px|10px|true|true\u00bb animation_style=\u00bbslide\u00bb animation_direction=\u00bbleft\u00bb animation_duration=\u00bb400ms\u00bb animation_intensity_slide=\u00bb5%\u00bb animation_speed_curve=\u00bbease-out\u00bb border_radii=\u00bbon|15px|15px|15px|15px\u00bb global_colors_info=\u00bb{}\u00bb]<\/p>\n<p>A partir<br \/><span style=\"font-size: 150%;\">del 2026<\/span><\/p>\n<p>[\/et_pb_text][et_pb_text _builder_version=\u00bb4.27.4&#8243; _module_preset=\u00bbdefault\u00bb text_font_size=\u00bb20px\u00bb text_orientation=\u00bbcenter\u00bb background_layout=\u00bbdark\u00bb max_width=\u00bb350px\u00bb module_alignment=\u00bbcenter\u00bb custom_margin=\u00bb||30px||false|false\u00bb animation_style=\u00bbslide\u00bb animation_direction=\u00bbtop\u00bb animation_duration=\u00bb400ms\u00bb animation_delay=\u00bb500ms\u00bb animation_intensity_slide=\u00bb5%\u00bb animation_speed_curve=\u00bbease-out\u00bb custom_css_free_form=\u00bbselector { text-wrap:balance; }\u00bb global_colors_info=\u00bb{}\u00bb]<\/p>\n<p>Se ir\u00e1n renovando de forma progresiva todos los contenedores del municipio. <\/p>\n<p>[\/et_pb_text][\/et_pb_column][et_pb_column type=\u00bb1_3&#8243; _builder_version=\u00bb4.27.4&#8243; _module_preset=\u00bbdefault\u00bb global_colors_info=\u00bb{}\u00bb][et_pb_divider color=\u00bb#FFFFFF\u00bb _builder_version=\u00bb4.27.4&#8243; _module_preset=\u00bbdefault\u00bb custom_margin=\u00bb||||false|false\u00bb global_colors_info=\u00bb{}\u00bb][\/et_pb_divider][et_pb_text module_class=\u00bbfont-titol\u00bb _builder_version=\u00bb4.27.4&#8243; _module_preset=\u00bbdefault\u00bb text_font=\u00bb|||on|||||\u00bb text_font_size=\u00bb26px\u00bb text_line_height=\u00bb1.1em\u00bb background_color=\u00bb#FFFFFF\u00bb z_index=\u00bb100&#8243; text_orientation=\u00bbcenter\u00bb width=\u00bb220px\u00bb max_width=\u00bb220px\u00bb module_alignment=\u00bbcenter\u00bb custom_margin=\u00bb-70px||25px||false|false\u00bb custom_padding=\u00bb15px|10px|15px|10px|true|true\u00bb animation_style=\u00bbslide\u00bb animation_direction=\u00bbleft\u00bb animation_duration=\u00bb400ms\u00bb animation_intensity_slide=\u00bb5%\u00bb animation_speed_curve=\u00bbease-out\u00bb border_radii=\u00bbon|15px|15px|15px|15px\u00bb global_colors_info=\u00bb{}\u00bb]<\/p>\n<p>A partir<br \/><span style=\"font-size: 150%;\">del 2027<\/span><\/p>\n<p>[\/et_pb_text][et_pb_text _builder_version=\u00bb4.27.4&#8243; _module_preset=\u00bbdefault\u00bb text_font_size=\u00bb20px\u00bb text_orientation=\u00bbcenter\u00bb background_layout=\u00bbdark\u00bb max_width=\u00bb350px\u00bb module_alignment=\u00bbcenter\u00bb custom_margin=\u00bb||30px||false|false\u00bb animation_style=\u00bbslide\u00bb animation_direction=\u00bbtop\u00bb animation_duration=\u00bb400ms\u00bb animation_delay=\u00bb500ms\u00bb animation_intensity_slide=\u00bb5%\u00bb animation_speed_curve=\u00bbease-out\u00bb custom_css_free_form=\u00bbselector { text-wrap:balance; }\u00bb global_colors_info=\u00bb{}\u00bb]<\/p>\n<p>Se implantar\u00e1 el nuevo sistema de recogida con contenedores inteligentes en el resto de la ciudad: Can Guardiola, San Jorge, Torrent Ballester, Can Sellar\u00e8s, <span data-olk-copy-source=\"MessageBody\">Torre Roja, Campreci\u00f3s, Ginestar, Barrio Antiguo,<\/span> Poblado Roca, Centro-Eixample, Montserratina y Barrio de Sales.<\/p>\n<p>[\/et_pb_text][\/et_pb_column][\/et_pb_row][et_pb_row column_structure=\u00bb1_5,3_5,1_5&#8243; _builder_version=\u00bb4.27.4&#8243; _module_preset=\u00bbdefault\u00bb custom_margin=\u00bb5%||||false|false\u00bb custom_padding=\u00bb0px||||false|false\u00bb animation_style=\u00bbslide\u00bb animation_direction=\u00bbbottom\u00bb global_colors_info=\u00bb{}\u00bb][et_pb_column type=\u00bb1_5&#8243; _builder_version=\u00bb4.27.4&#8243; _module_preset=\u00bbdefault\u00bb global_colors_info=\u00bb{}\u00bb][\/et_pb_column][et_pb_column type=\u00bb3_5&#8243; _builder_version=\u00bb4.27.4&#8243; _module_preset=\u00bbdefault\u00bb global_colors_info=\u00bb{}\u00bb][et_pb_cta title=\u00bb*\u00bb _builder_version=\u00bb4.27.4&#8243; _module_preset=\u00bb8db23b93-efb4-4266-b0de-87f83ad1d631&#8243; header_font_size=\u00bb41px\u00bb body_font_size=\u00bb20px\u00bb body_line_height=\u00bb1.2em\u00bb background_color=\u00bb#FFFFFF\u00bb transform_scale_tablet=\u00bb\u00bb transform_scale_phone=\u00bb\u00bb transform_scale_last_edited=\u00bbon|desktop\u00bb transform_translate_tablet=\u00bb\u00bb transform_translate_phone=\u00bb\u00bb transform_translate_last_edited=\u00bbon|desktop\u00bb transform_rotate=\u00bb0deg|0deg|-2deg\u00bb transform_rotate_tablet=\u00bb0deg|0deg|0deg\u00bb transform_rotate_phone=\u00bb0deg|0deg|0deg\u00bb transform_rotate_last_edited=\u00bbon|desktop\u00bb transform_skew_tablet=\u00bb\u00bb transform_skew_phone=\u00bb\u00bb transform_skew_last_edited=\u00bbon|desktop\u00bb transform_origin_tablet=\u00bb\u00bb transform_origin_phone=\u00bb\u00bb transform_origin_last_edited=\u00bbon|desktop\u00bb transform_styles_last_edited=\u00bbon|desktop\u00bb vertical_offset=\u00bb0px\u00bb horizontal_offset=\u00bb0%\u00bb z_index=\u00bb4&#8243; position_origin_a_last_edited=\u00bboff|desktop\u00bb position_origin_f_last_edited=\u00bboff|desktop\u00bb position_origin_r_last_edited=\u00bboff|desktop\u00bb width=\u00bb65%\u00bb width_tablet=\u00bb80%\u00bb width_phone=\u00bb90%\u00bb width_last_edited=\u00bbon|phone\u00bb module_alignment=\u00bbcenter\u00bb custom_margin=\u00bb2%||||false|false\u00bb custom_margin_tablet=\u00bb30px||||false|false\u00bb custom_margin_phone=\u00bb30px||||false|false\u00bb custom_margin_last_edited=\u00bbon|tablet\u00bb custom_padding=\u00bb0px|4%|3rem|9%|false|false\u00bb transform_styles_tablet=\u00bb\u00bb transform_styles_phone=\u00bb\u00bb positioning_last_edited=\u00bboff|desktop\u00bb module_alignment_tablet=\u00bbcenter\u00bb module_alignment_phone=\u00bbcenter\u00bb module_alignment_last_edited=\u00bboff|desktop\u00bb custom_css_free_form=\u00bbselector .et_pb_module_header { font-size:32px; padding-top:6px !important; }||selector { text-wrap:balance; }\u00bb global_colors_info=\u00bb{}\u00bb z_index__hover_enabled=\u00bbon|hover\u00bb transform_styles__hover_enabled=\u00bbon|desktop\u00bb transform_scale__hover_enabled=\u00bbon|desktop\u00bb transform_translate__hover_enabled=\u00bbon|desktop\u00bb transform_rotate__hover=\u00bb0deg|0deg|0deg\u00bb transform_rotate__hover_enabled=\u00bbon|desktop\u00bb transform_skew__hover_enabled=\u00bbon|desktop\u00bb transform_origin__hover_enabled=\u00bbon|desktop\u00bb z_index__hover=\u00bb10&#8243;]<\/p>\n<p>Los comercios considerados grandes productores de residuos tendr\u00e1n una recogida espec\u00edfica de sus residuos. En cambio, los comercios que tienen una generaci\u00f3n de residuos similar a una vivienda seguir\u00e1n el mismo modelo que el resto de la ciudadan\u00eda. <\/p>\n<p>[\/et_pb_cta][\/et_pb_column][et_pb_column type=\u00bb1_5&#8243; _builder_version=\u00bb4.27.4&#8243; _module_preset=\u00bbdefault\u00bb global_colors_info=\u00bb{}\u00bb][\/et_pb_column][\/et_pb_row][\/et_pb_section][et_pb_section fb_built=\u00bb1&#8243; module_id=\u00bboficina-informacio-recollida-residus\u00bb _builder_version=\u00bb4.27.4&#8243; _module_preset=\u00bbdefault\u00bb custom_padding=\u00bb0px||0px||true|false\u00bb global_colors_info=\u00bb{}\u00bb][et_pb_row _builder_version=\u00bb4.27.4&#8243; _module_preset=\u00bbdefault\u00bb width=\u00bb100%\u00bb max_width=\u00bbnone\u00bb custom_padding=\u00bb25px||15px||false|false\u00bb border_width_top=\u00bb2px\u00bb border_color_top=\u00bb#1D1D1B\u00bb border_width_bottom=\u00bb2px\u00bb border_color_bottom=\u00bb#1D1D1B\u00bb global_colors_info=\u00bb{}\u00bb][et_pb_column type=\u00bb4_4&#8243; _builder_version=\u00bb4.27.4&#8243; _module_preset=\u00bbdefault\u00bb global_colors_info=\u00bb{}\u00bb][et_pb_text _builder_version=\u00bb4.27.4&#8243; _module_preset=\u00bbdefault\u00bb text_orientation=\u00bbcenter\u00bb custom_margin=\u00bb0px||0px||true|false\u00bb custom_padding=\u00bb0px||0px||true|false\u00bb custom_css_free_form=\u00bbselector { text-wrap:balance; }\u00bb global_colors_info=\u00bb{}\u00bb]<\/p>\n<h2>Oficina de Informaci\u00f3n de Recogida de Residuos<\/h2>\n<p>[\/et_pb_text][\/et_pb_column][\/et_pb_row][\/et_pb_section][et_pb_section fb_built=\u00bb1&#8243; _builder_version=\u00bb4.27.4&#8243; _module_preset=\u00bbdefault\u00bb background_color=\u00bb#45FF5C\u00bb border_width_bottom=\u00bb2px\u00bb border_color_bottom=\u00bb#1D1D1B\u00bb global_colors_info=\u00bb{}\u00bb][et_pb_row column_structure=\u00bb1_2,1_2&#8243; _builder_version=\u00bb4.27.4&#8243; _module_preset=\u00bbdefault\u00bb animation_style=\u00bbslide\u00bb animation_direction=\u00bbbottom\u00bb animation_duration=\u00bb500ms\u00bb animation_intensity_slide=\u00bb7%\u00bb animation_starting_opacity=\u00bb20%\u00bb animation_speed_curve=\u00bbease-out\u00bb global_colors_info=\u00bb{}\u00bb][et_pb_column type=\u00bb1_2&#8243; _builder_version=\u00bb4.27.4&#8243; _module_preset=\u00bbdefault\u00bb global_colors_info=\u00bb{}\u00bb][et_pb_text _builder_version=\u00bb4.27.4&#8243; _module_preset=\u00bbdefault\u00bb text_font=\u00bbMargarine||||||||\u00bb text_font_size=\u00bb24px\u00bb text_line_height=\u00bb1.1em\u00bb background_color=\u00bb#D5FF00&#8243; transform_rotate=\u00bb0deg|0deg|-4deg\u00bb positioning=\u00bbabsolute\u00bb vertical_offset=\u00bb-150px\u00bb vertical_offset_tablet=\u00bb-95px\u00bb vertical_offset_phone=\u00bb-90px\u00bb vertical_offset_last_edited=\u00bbon|phone\u00bb text_orientation=\u00bbcenter\u00bb width=\u00bb180px\u00bb width_tablet=\u00bb150px\u00bb width_phone=\u00bb130px\u00bb width_last_edited=\u00bbon|desktop\u00bb custom_padding=\u00bb10px|5px|10px|5px|true|true\u00bb animation_style=\u00bbbounce\u00bb animation_duration=\u00bb800ms\u00bb animation_starting_opacity=\u00bb100%\u00bb text_font_size_tablet=\u00bb22px\u00bb text_font_size_phone=\u00bb20px\u00bb text_font_size_last_edited=\u00bbon|desktop\u00bb border_radii=\u00bbon|5px|5px|5px|5px\u00bb border_width_all=\u00bb1px\u00bb border_color_all=\u00bb#1D1D1B\u00bb global_colors_info=\u00bb{}\u00bb transform_styles__hover_enabled=\u00bbon|desktop\u00bb transform_scale__hover_enabled=\u00bbon|desktop\u00bb transform_translate__hover_enabled=\u00bbon|desktop\u00bb transform_rotate__hover_enabled=\u00bbon|desktop\u00bb transform_skew__hover_enabled=\u00bbon|desktop\u00bb transform_origin__hover_enabled=\u00bbon|desktop\u00bb transform_rotate__hover=\u00bb0deg|0deg|0deg\u00bb]<\/p>\n<p>Pr\u00f3xima<br \/>apertura<\/p>\n<p>[\/et_pb_text][et_pb_text _builder_version=\u00bb4.27.4&#8243; _module_preset=\u00bbdefault\u00bb text_font_size=\u00bb20px\u00bb max_width=\u00bb400px\u00bb custom_margin=\u00bb0px||60px||false|false\u00bb custom_margin_tablet=\u00bb20px||||false|false\u00bb custom_margin_phone=\u00bb20px||||false|false\u00bb custom_margin_last_edited=\u00bbon|phone\u00bb custom_css_free_form=\u00bbselector { text-wrap:balance; }\u00bb global_colors_info=\u00bb{}\u00bb]<\/p>\n<p>Si tienes cualquier duda sobre el nuevo modelo o debes realizar una gesti\u00f3n relacionada con el servicio de recogida de residuos, \u00a1ven a la nueva oficina!<\/p>\n<p>[\/et_pb_text][et_pb_blurb image=\u00bbhttps:\/\/www.residusviladecans.cat\/wp-content\/uploads\/2025\/01\/icona-email-verd.svg\u00bb image_icon_width=\u00bb70px\u00bb content_max_width=\u00bb100%\u00bb image_icon_width_tablet=\u00bb70px\u00bb image_icon_width_phone=\u00bb55px\u00bb image_icon_width_last_edited=\u00bbon|phone\u00bb _builder_version=\u00bb4.27.4&#8243; _module_preset=\u00bbdefault\u00bb body_font_size=\u00bb20px\u00bb body_line_height=\u00bb1.2em\u00bb body_link_font=\u00bb|700|||||||\u00bb body_link_text_color=\u00bb#1D1D1B\u00bb background_color=\u00bb#FFFFFF\u00bb image_icon_custom_margin=\u00bb-45px||||false|false\u00bb width=\u00bb100%\u00bb max_width=\u00bb450px\u00bb module_alignment=\u00bbleft\u00bb overflow-x=\u00bbvisible\u00bb overflow-y=\u00bbvisible\u00bb custom_margin=\u00bb||0px||false|false\u00bb custom_margin_tablet=\u00bb||20px||false|false\u00bb custom_margin_phone=\u00bb||15px||false|false\u00bb custom_margin_last_edited=\u00bbon|desktop\u00bb custom_padding=\u00bb25px|28px|25px|28px|true|true\u00bb custom_padding_tablet=\u00bb30px|20px|30px|20px|true|true\u00bb custom_padding_phone=\u00bb35px||||false|true\u00bb custom_padding_last_edited=\u00bbon|phone\u00bb animation_style=\u00bbflip\u00bb animation_duration=\u00bb750ms\u00bb animation_intensity_flip=\u00bb39%\u00bb body_font_size_tablet=\u00bb19px\u00bb body_font_size_phone=\u00bb18px\u00bb body_font_size_last_edited=\u00bbon|desktop\u00bb custom_css_free_form=\u00bbselector .et_pb_main_blurb_image { position:absolute; top:0; right:0; }\u00bb border_radii=\u00bbon|15px|15px|15px|15px\u00bb border_width_all=\u00bb1px\u00bb border_color_all=\u00bb#1D1D1B\u00bb global_colors_info=\u00bb{}\u00bb body_link_text_color__hover_enabled=\u00bbon|desktop\u00bb body_link_text_color__hover=\u00bb#FF00FF\u00bb]<\/p>\n<p><a href=\"mailto:informacioresidus@viladecans.cat\">informacioresidus@viladecans.cat<\/a><\/p>\n<p>Avenida de la Roureda, 60<br \/> 08840 Viladecans<\/p>\n<p>[\/et_pb_blurb][\/et_pb_column][et_pb_column type=\u00bb1_2&#8243; _builder_version=\u00bb4.27.4&#8243; _module_preset=\u00bbdefault\u00bb global_colors_info=\u00bb{}\u00bb][et_pb_text module_class=\u00bbfont-titol\u00bb _builder_version=\u00bb4.27.4&#8243; _module_preset=\u00bbdefault\u00bb text_font=\u00bb&#8211;et_global_body_font||||||||\u00bb text_font_size=\u00bb20px\u00bb text_line_height=\u00bb1em\u00bb background_color=\u00bb#45FF5C\u00bb z_index=\u00bb1&#8243; width=\u00bb120px\u00bb custom_margin=\u00bb15px||15px||true|false\u00bb custom_padding=\u00bb0px||0px|5px|false|false\u00bb custom_css_free_form=\u00bbselector { float:left; }||@media only screen and (max-width : 1400px) { ||  selector { float:none; width:100% !important; }||}\u00bb global_colors_info=\u00bb{}\u00bb]<\/p>\n<p>Atenci\u00f3n presencial<\/p>\n<p>[\/et_pb_text][et_pb_text _builder_version=\u00bb4.27.4&#8243; _module_preset=\u00bba18f2729-0977-448f-970d-1a4a23cd5c30&#8243; text_font_size=\u00bb20px\u00bb border_width_top=\u00bb1px\u00bb border_color_top=\u00bb#1D1D1B\u00bb global_colors_info=\u00bb{}\u00bb]<\/p>\n<p><strong>10 \u2013 14 h<\/strong> Lunes, mi\u00e9rcoles, viernes y s\u00e1bado<\/p>\n<p>[\/et_pb_text][et_pb_text _builder_version=\u00bb4.27.4&#8243; _module_preset=\u00bba18f2729-0977-448f-970d-1a4a23cd5c30&#8243; text_font_size=\u00bb20px\u00bb global_colors_info=\u00bb{}\u00bb]<\/p>\n<p><strong>17 \u2013 21 h<\/strong> Martes y jueves<\/p>\n<p>[\/et_pb_text][et_pb_text module_class=\u00bbfont-titol\u00bb _builder_version=\u00bb4.27.4&#8243; _module_preset=\u00bbdefault\u00bb text_font=\u00bb&#8211;et_global_body_font||||||||\u00bb text_font_size=\u00bb20px\u00bb text_line_height=\u00bb1em\u00bb background_color=\u00bb#45FF5C\u00bb z_index=\u00bb1&#8243; width=\u00bb120px\u00bb custom_margin=\u00bb15px||15px||true|false\u00bb custom_padding=\u00bb0px||0px|5px|false|false\u00bb custom_css_free_form=\u00bbselector { float:left; }||@media only screen and (max-width : 1400px) { ||  selector { float:none; width:100% !important; }||  selector p { margin-top:30px !important; }||}\u00bb global_colors_info=\u00bb{}\u00bb]<\/p>\n<p>Atenci\u00f3n telem\u00e1tica<\/p>\n<p>[\/et_pb_text][et_pb_text _builder_version=\u00bb4.27.4&#8243; _module_preset=\u00bba18f2729-0977-448f-970d-1a4a23cd5c30&#8243; text_font_size=\u00bb20px\u00bb custom_margin=\u00bb-1px||0px||false|false\u00bb border_width_top=\u00bb1px\u00bb border_color_top=\u00bb#1D1D1B\u00bb global_colors_info=\u00bb{}\u00bb]<\/p>\n<p><strong>10 \u2013 14 h<\/strong> Lunes, mi\u00e9rcoles, viernes y s\u00e1bado<\/p>\n<p>[\/et_pb_text][et_pb_text _builder_version=\u00bb4.27.4&#8243; _module_preset=\u00bba18f2729-0977-448f-970d-1a4a23cd5c30&#8243; text_font_size=\u00bb20px\u00bb global_colors_info=\u00bb{}\u00bb]<\/p>\n<p><strong>17 \u2013 21 h<\/strong> Martes y jueves<\/p>\n<p>[\/et_pb_text][\/et_pb_column][\/et_pb_row][\/et_pb_section]<\/p>\n","protected":false},"excerpt":{"rendered":"<p>Con El Efecto Viladecans evidenciamos que los peque\u00f1os cambios pueden provocar efectos a nivel global. Por eso, cambiaremos el modelo de recogida de residuos e implantaremos un nuevo sistema, adaptado a las caracter\u00edsticas y necesidades de cada barrio. <\/p>\n","protected":false},"author":1,"featured_media":699,"parent":0,"menu_order":6,"comment_status":"closed","ping_status":"closed","template":"","meta":{"_et_pb_use_builder":"on","_et_pb_old_content":"","_et_gb_content_width":"","inline_featured_image":false,"iawp_total_views":155,"footnotes":""},"class_list":["post-780","page","type-page","status-publish","has-post-thumbnail","hentry"],"_links":{"self":[{"href":"https:\/\/www.residusviladecans.cat\/es\/wp-json\/wp\/v2\/pages\/780","targetHints":{"allow":["GET"]}}],"collection":[{"href":"https:\/\/www.residusviladecans.cat\/es\/wp-json\/wp\/v2\/pages"}],"about":[{"href":"https:\/\/www.residusviladecans.cat\/es\/wp-json\/wp\/v2\/types\/page"}],"author":[{"embeddable":true,"href":"https:\/\/www.residusviladecans.cat\/es\/wp-json\/wp\/v2\/users\/1"}],"replies":[{"embeddable":true,"href":"https:\/\/www.residusviladecans.cat\/es\/wp-json\/wp\/v2\/comments?post=780"}],"version-history":[{"count":15,"href":"https:\/\/www.residusviladecans.cat\/es\/wp-json\/wp\/v2\/pages\/780\/revisions"}],"predecessor-version":[{"id":1083,"href":"https:\/\/www.residusviladecans.cat\/es\/wp-json\/wp\/v2\/pages\/780\/revisions\/1083"}],"wp:featuredmedia":[{"embeddable":true,"href":"https:\/\/www.residusviladecans.cat\/es\/wp-json\/wp\/v2\/media\/699"}],"wp:attachment":[{"href":"https:\/\/www.residusviladecans.cat\/es\/wp-json\/wp\/v2\/media?parent=780"}],"curies":[{"name":"wp","href":"https:\/\/api.w.org\/{rel}","templated":true}]}}